{"id":1263,"date":"2019-01-16T19:51:25","date_gmt":"2019-01-16T19:51:25","guid":{"rendered":"http:\/\/www.ucakkargo.net\/?page_id=1263"},"modified":"2019-01-16T19:51:25","modified_gmt":"2019-01-16T19:51:25","slug":"hizli-kurye-yurt-disi","status":"publish","type":"page","link":"https:\/\/ucakkargo.org\/kargo\/hizli-kurye-yurt-disi\/","title":{"rendered":"H\u0131zl\u0131 Kurye Yurt D\u0131\u015f\u0131 Kargo"},"content":{"rendered":"\n<h3 class=\"wp-block-heading\"><strong>H\u0131zl\u0131 Kurye Yurt D\u0131\u015f\u0131 Kargo<\/strong><\/h3>\n\n\n\n<p>\u00a0\u00a0\u00a0\u00a0\u00a0\u00a0\u00a0\u00a0\u00a0\u00a0\u00a0\u00a0\u00a0\u00a0 H\u0131zl\u0131 kurye yurt d\u0131\u015f\u0131 kargo bir ki\u015finin bir \u00fcr\u00fcn\u00fc bir ba\u015fka yere g\u00f6nderme iste\u011fi, insanlar\u0131n en b\u00fcy\u00fck ihtiya\u00e7lar\u0131 aras\u0131nda bulunmaktad\u0131r.\u00a0 Bu durumun g\u00fcnden g\u00fcne fazlala\u015fmas\u0131, kargo hizmetlerinin olu\u015fmas\u0131na ve bu konuda ihtiya\u00e7lar\u0131n giderilmesine olanak tan\u0131m\u0131\u015ft\u0131r. Bir \u00fcr\u00fcn\u00fcn belirli bir \u00fccret ve s\u00fcrede bir yerden belirtilen bir ba\u015fka adrese nakledilmesine kargo hizmeti denilebilir. \u0130nsanlar\u0131n birbirinden farkl\u0131 olan kargo \u015firketlerini tercih etmesine sebep olacak olumlu \u00f6zellikler olarak; kargonun en k\u0131sa s\u00fcrede al\u0131c\u0131 ile bulu\u015fmas\u0131, ta\u015f\u0131ma ve teslim a\u015famas\u0131nda herhangi bir hasar ya da sorun ile kar\u015f\u0131la\u015f\u0131lmamas\u0131 ve maliyet a\u00e7\u0131s\u0131ndan hesapl\u0131 bir ta\u015f\u0131ma sistemi s\u00f6ylenebilir. Bu \u00f6zelliklere sahip olan ve t\u00fcm hizmetleri profesyonel bir \u015fekilde yapan kargo firmas\u0131 tercih edilme konusunda \u00fcst s\u0131ralarda yer al\u0131r. Kuruldu\u011fu 2010 y\u0131l\u0131ndan bu yana T\u00fcrkiye\u2019nin en h\u0131zl\u0131 ve g\u00fcvenli kargo \u015firketi olan Acil Kargo ile yurt i\u00e7i ve yurt d\u0131\u015f\u0131 kargolar en iyi \u015fekilde al\u0131c\u0131lar ile bulu\u015fturulur. Uzman kadrosu ile t\u00fcm kargolar \u00f6zenle ve g\u00fcvenle al\u0131c\u0131lara teslim edilir.\u00a0<\/p>\n\n\n\n<figure class=\"wp-block-image\"><img decoding=\"async\" class=\"wp-image-3688\" src=\"https:\/\/yurtdisihavakargo.com\/wp-content\/uploads\/2019\/03\/express-kargo.jpg\" alt=\"Yurt D\u0131\u015f\u0131 Kargo\" \/><\/figure>\n\n\n\n<h3 class=\"wp-block-heading\">\u00a0\u00a0\u00a0\u00a0\u00a0\u00a0\u00a0\u00a0\u00a0\u00a0\u00a0\u00a0\u00a0\u00a0\u00a0 <strong>H\u0131zl\u0131 Kurye Se\u00e7enekleri<\/strong><\/h3>\n\n\n\n<p>\u00a0\u00a0\u00a0\u00a0\u00a0\u00a0\u00a0\u00a0\u00a0\u00a0\u00a0\u00a0\u00a0\u00a0\u00a0 Kargonun g\u00f6nderici ki\u015fiden al\u0131c\u0131 ki\u015fiye ula\u015fmas\u0131 esnas\u0131nda ge\u00e7en s\u00fcre, hem al\u0131c\u0131n\u0131n hem de g\u00f6ndericinin kargo \u015firketini tercih edip etmeme ihtimalini do\u011furur. Bu nedenle bir\u00e7ok insan g\u00f6nderiyi kargo \u015firketine teslim etmeden kargo \u015firketlerinin bu \u00f6zelliklerini ara\u015ft\u0131rmaktad\u0131r. Bu konuda insanlar\u0131n yard\u0131m\u0131na h\u0131zl\u0131 kargo ve <strong>h\u0131zl\u0131 kurye<\/strong> se\u00e7enekleri \u00e7\u0131kar. Bir g\u00f6nderinin al\u0131c\u0131 ile h\u0131zl\u0131 bir \u015fekilde bulu\u015fmas\u0131n\u0131 isteyen ki\u015filer <strong>h\u0131zl\u0131 kurye <\/strong>hizmetlerinden yararlanarak g\u00f6nderinin al\u0131c\u0131ya daha k\u0131sa s\u00fcrelerde aktar\u0131lmas\u0131n\u0131 sa\u011flayabilir. Olu\u015fturulmu\u015f olan bu sistem sayesinde kurye, kargoyu \u00e7ok daha k\u0131sa bir s\u00fcrede al\u0131c\u0131ya teslim eder.<\/p>\n\n\n\n<h3 class=\"wp-block-heading\">\u00a0\u00a0\u00a0\u00a0\u00a0\u00a0\u00a0\u00a0\u00a0\u00a0\u00a0\u00a0\u00a0\u00a0\u00a0 <strong>H\u0131zl\u0131 Kurye \u0130le Kargoya Ula\u015f\u0131m<\/strong><\/h3>\n\n\n\n<p>\u00a0\u00a0\u00a0\u00a0\u00a0\u00a0\u00a0\u00a0\u00a0\u00a0\u00a0\u00a0\u00a0\u00a0\u00a0 Kargonun h\u0131zl\u0131 bir \u015fekilde al\u0131c\u0131 ile bulu\u015fmas\u0131n\u0131 isteyen g\u00f6ndericiler firman\u0131n <strong>h\u0131zl\u0131 kurye <\/strong>servislerinden faydalanarak kargonun en k\u0131sa s\u00fcrede al\u0131c\u0131ya teslim edilmesini sa\u011flar. Verilen bu hizmet ile acil olan kargo ihtiyac\u0131 minimum s\u00fcrede ger\u00e7ekle\u015ftirilir ve g\u00f6ndericinin ve al\u0131c\u0131n\u0131n kargoya olan ihtiyac\u0131 en k\u0131sa s\u00fcrede halledilmi\u015f olur. Kuryenin \u00fcr\u00fcn eline ula\u015f\u0131r ula\u015fmaz direkt olarak al\u0131c\u0131ya gitmesini sa\u011flayan bu sistem ile insanlar\u0131n kargoya olan ihtiyac\u0131 en k\u0131sa s\u00fcrede halledilmi\u015f olacakt\u0131r.<\/p>\n\n\n\n<p class=\"has-text-color\" style=\"color: #ffffff;\"><strong>Nas\u0131l Kargo G\u00f6nderilir<\/strong><br \/>7\/24 <strong>destek <\/strong>alabilirsiniz.<\/p>\n","protected":false},"excerpt":{"rendered":"<p>H\u0131zl\u0131 Kurye Yurt D\u0131\u015f\u0131 Kargo \u00a0\u00a0\u00a0\u00a0\u00a0\u00a0\u00a0\u00a0\u00a0\u00a0\u00a0\u00a0\u00a0\u00a0 H\u0131zl\u0131 kurye yurt d\u0131\u015f\u0131 kargo bir ki\u015finin bir \u00fcr\u00fcn\u00fc bir ba\u015fka yere g\u00f6nderme iste\u011fi,<\/p>\n","protected":false},"author":2,"featured_media":0,"parent":0,"menu_order":0,"comment_status":"closed","ping_status":"closed","template":"","meta":{"footnotes":""},"class_list":["post-1263","page","type-page","status-publish","hentry","comments-off"],"_links":{"self":[{"href":"https:\/\/ucakkargo.org\/kargo\/wp-json\/wp\/v2\/pages\/1263","targetHints":{"allow":["GET"]}}],"collection":[{"href":"https:\/\/ucakkargo.org\/kargo\/wp-json\/wp\/v2\/pages"}],"about":[{"href":"https:\/\/ucakkargo.org\/kargo\/wp-json\/wp\/v2\/types\/page"}],"author":[{"embeddable":true,"href":"https:\/\/ucakkargo.org\/kargo\/wp-json\/wp\/v2\/users\/2"}],"replies":[{"embeddable":true,"href":"https:\/\/ucakkargo.org\/kargo\/wp-json\/wp\/v2\/comments?post=1263"}],"version-history":[{"count":0,"href":"https:\/\/ucakkargo.org\/kargo\/wp-json\/wp\/v2\/pages\/1263\/revisions"}],"wp:attachment":[{"href":"https:\/\/ucakkargo.org\/kargo\/wp-json\/wp\/v2\/media?parent=1263"}],"curies":[{"name":"wp","href":"https:\/\/api.w.org\/{rel}","templated":true}]}}