{"id":1450,"date":"2019-01-16T19:51:27","date_gmt":"2019-01-16T19:51:27","guid":{"rendered":"http:\/\/www.ucakkargo.net\/?page_id=1450"},"modified":"2019-01-16T19:51:27","modified_gmt":"2019-01-16T19:51:27","slug":"kosova-yurt-disi-kargo","status":"publish","type":"page","link":"https:\/\/ucakkargo.org\/kargo\/kosova-yurt-disi-kargo\/","title":{"rendered":"Kosova Yurt D\u0131\u015f\u0131 Kargo"},"content":{"rendered":"\n<h2 class=\"wp-block-heading\">Kosova Yurt D\u0131\u015f\u0131 Kargo<\/h2>\n\n\n\n<p>Kosova Yurt D\u0131\u015f\u0131 Kargo Yugoslavya\u2019n\u0131n da\u011f\u0131lmas\u0131yla birlikte 2008\u2019de Balkanlar\u2019\u0131n yeni \u00fclkesi olan Kosova ile i\u015f yap\u0131yorsan\u0131z ya da Kosova\u2019da ya\u015fayan sevdiklerinize ula\u015ft\u0131rmak istedi\u011finiz kargolar\u0131n\u0131z i\u00e7in\u00a0sizlere hizmet amac\u0131yla kurulmu\u015f uzun y\u0131llard\u0131r yurtd\u0131\u015f\u0131 kargo hizmetleriyle bilinen bir firmad\u0131r. Evrak, \u00fcr\u00fcn, koli, paket, hediye, zarf, numune g\u00f6nderileriniz i\u00e7in her g\u00fcn d\u00fczenli olarak hava yolu kargo \u00e7\u0131k\u0131\u015flar\u0131m\u0131z bulunmaktad\u0131r. Kosova Kargo ile alakal\u0131 t\u00fcm soru, \u00f6neri ve istekleriniz i\u00e7in hemen \u00e7a\u011fr\u0131 merkezimizle ileti\u015fim kurabilirsiniz.<\/p>\n\n\n\n<p>T\u00fcrkiye, Kosova\u2019y\u0131 \u00fclke olarak tan\u0131yan ilk \u00fclkeler aras\u0131nda yer al\u0131r. D\u00fcnya \u00e7ap\u0131nda 112 \u00fclke taraf\u0131ndan tan\u0131nan Kosova ile T\u00fcrkiye aras\u0131ndaki ba\u011f y\u00fczy\u0131llara dayanan bir karde\u015fliktir. \u00a0T\u00fcrkiye\u2019den Kosova\u2019ya hava yolu ile u\u00e7ak kargo g\u00f6nderimi yapman\u0131n yolu . Web sayfam\u0131z \u00fczerinden bizimle ileti\u015fime mail yoluyla ge\u00e7ebilece\u011finiz gibi, \u00c7a\u011fr\u0131 merkezimizi arayarak uzman operat\u00f6rlerimizden kargolar\u0131n\u0131z i\u00e7in ayr\u0131nt\u0131l\u0131 bilgi alabilirsiniz. \u015eirketimizin yeni hizmetlerinden biri olan T\u00fcrkiye ve Kosova aras\u0131nda Kosova Karayolu Kargo Ta\u015f\u0131mac\u0131l\u0131\u011f\u0131 hizmetimizden de yararlanabilirsiniz Bu kon hakk\u0131nda \u00e7a\u011fr\u0131 merkezimizden bilgi almay\u0131 unutmay\u0131n. \u00a0<\/p>\n\n\n\n<figure class=\"wp-block-image\"><img decoding=\"async\" src=\"https:\/\/gezimanya.com\/uploads\/old_files\/content\/tn\/org\/634700974878720000634700975124590000.jpg\" alt=\"Yurt D\u0131\u015f\u0131 Kargo\" \/><\/figure>\n\n\n\n<p><strong>Kosova Express Kargo<\/strong>; Kosova\u2019ya g\u00f6nderece\u011finiz kargolar\u0131n\u0131z\u0131n aciliyeti varsa sizin i\u00e7in en uygun hizmetimiz Express Kargo\u2019dur.<\/p>\n\n\n\n<p><strong>Kosova Ekonomik Kargo<\/strong>; Zaman sorunu ya\u015famad\u0131\u011f\u0131n\u0131z her t\u00fcrl\u00fc kargonuzu hesapl\u0131 bir \u015fekilde Kosova\u2019ya ula\u015f\u0131m\u0131n\u0131 sa\u011flad\u0131\u011f\u0131m\u0131z hizmetimiz ise Kosova Ekonomik Kargo hizmetimizdir.<\/p>\n\n\n\n<p><strong>Kosova\u2019ya Nas\u0131l Kargo G\u00f6nderilir<\/strong> ?<\/p>\n\n\n\n<p>\u00c7a\u011fr\u0131 merkezimizde yer alan deneyimli operat\u00f6rlerimiz sizden \u00f6ncelikle kargo bilgilerini eksiksiz olarak alacak, ard\u0131ndan verdi\u011finiz bilgiler do\u011frultusunda kargo maliyetiniz teslimat s\u00fcresi gibi ayr\u0131nt\u0131lar\u0131 sizlerle payla\u015facakt\u0131r. Kargo maliyetiniz, operasyon bilgileriniz, kargonuzun teslimat s\u00fcreleri sizler i\u00e7in uygun bulunmas\u0131 ve onaylanmas\u0131 halinde kargo kayd\u0131n\u0131z al\u0131nacakt\u0131r.<\/p>\n\n\n\n<p>\u0130nternet sitemiz \u00fczerinden kargonuzun akibetini, nerede oldu\u011funu takip numaran\u0131z ile rahatl\u0131kla kontrol edebilirsiniz. 150 kilograma kadar \u015fahsi kargo g\u00f6nderimleri yapabilirsiniz. \u015eirket sahibiyseniz, g\u00fcmr\u00fck\u00e7\u00fcn\u00fcz yok ise yurtd\u0131\u015f\u0131 kargo g\u00f6nderileri\u00a0 i\u00e7in uzun vadeli \u00e7al\u0131\u015fma yapmak i\u00e7in bizlerle irtibata ge\u00e7mekten \u00e7ekinmeyin. uygun fiyatl\u0131, tekliflerimizle sizlere hizmet vermekten gurur duyar\u0131z<\/p>\n\n\n\n<h2 class=\"wp-block-heading\"><strong>KOSOVA KARGO \u00dcCRETLER\u0130 NEYE G\u00d6RE HESAPLANIR ?<\/strong><\/h2>\n\n\n\n<p><strong>En x Boy x Y\u00fckseklik \/ 5000<\/strong> &lt;&lt; numune tarz\u0131 g\u00f6nderimler de bu \u015fekilde hesaplanmaktad\u0131r. Ortaya \u00e7\u0131kan sonu\u00e7, ger\u00e7ek a\u011f\u0131rl\u0131ktan daha b\u00fcy\u00fckse bu kilo esas al\u0131n\u0131r. Fakat net a\u011f\u0131rl\u0131ktan k\u00fc\u00e7\u00fck ise ger\u00e7ek a\u011f\u0131rl\u0131k \u00fczerinden i\u015flem g\u00f6rmektedir. Hacim hesaplama i\u015fleminden anla\u015f\u0131laca\u011f\u0131 gibi kargoyu \u00fccretlendirme konusunda \u00f6l\u00e7\u00fc bilgilerinin ne kadar \u00f6nemli oldu\u011fu ve bir santimin bile fiyatlarda etkili oldu\u011funu g\u00f6stermektedir.<\/p>\n\n\n\n<p><strong>Kosova U\u00e7ak Kargo<\/strong> \u015firketimiz,\u00a0 sizlere hizmet etmekten onur duyar.<\/p>\n","protected":false},"excerpt":{"rendered":"<p>Kosova Yurt D\u0131\u015f\u0131 Kargo Kosova Yurt D\u0131\u015f\u0131 Kargo Yugoslavya\u2019n\u0131n da\u011f\u0131lmas\u0131yla birlikte 2008\u2019de Balkanlar\u2019\u0131n yeni \u00fclkesi olan Kosova ile i\u015f yap\u0131yorsan\u0131z<\/p>\n","protected":false},"author":2,"featured_media":0,"parent":0,"menu_order":0,"comment_status":"closed","ping_status":"closed","template":"","meta":{"footnotes":""},"class_list":["post-1450","page","type-page","status-publish","hentry","comments-off"],"_links":{"self":[{"href":"https:\/\/ucakkargo.org\/kargo\/wp-json\/wp\/v2\/pages\/1450","targetHints":{"allow":["GET"]}}],"collection":[{"href":"https:\/\/ucakkargo.org\/kargo\/wp-json\/wp\/v2\/pages"}],"about":[{"href":"https:\/\/ucakkargo.org\/kargo\/wp-json\/wp\/v2\/types\/page"}],"author":[{"embeddable":true,"href":"https:\/\/ucakkargo.org\/kargo\/wp-json\/wp\/v2\/users\/2"}],"replies":[{"embeddable":true,"href":"https:\/\/ucakkargo.org\/kargo\/wp-json\/wp\/v2\/comments?post=1450"}],"version-history":[{"count":0,"href":"https:\/\/ucakkargo.org\/kargo\/wp-json\/wp\/v2\/pages\/1450\/revisions"}],"wp:attachment":[{"href":"https:\/\/ucakkargo.org\/kargo\/wp-json\/wp\/v2\/media?parent=1450"}],"curies":[{"name":"wp","href":"https:\/\/api.w.org\/{rel}","templated":true}]}}