{"id":1510,"date":"2019-01-16T19:51:28","date_gmt":"2019-01-16T19:51:28","guid":{"rendered":"http:\/\/www.ucakkargo.net\/?page_id=1510"},"modified":"2019-01-16T19:51:28","modified_gmt":"2019-01-16T19:51:28","slug":"moldova-yurt-disi-kargo","status":"publish","type":"page","link":"https:\/\/ucakkargo.org\/kargo\/moldova-yurt-disi-kargo\/","title":{"rendered":"Moldova Yurt D\u0131\u015f\u0131 Kargo"},"content":{"rendered":"\n<h3 class=\"wp-block-heading\">Moldova Yurt D\u0131\u015f\u0131 Kargo<\/h3>\n\n\n\n<p>Bireysel ya da kurumsal m\u00fc\u015fteri kimli\u011fi fark etmeksizin Moldova\u2019ya g\u00f6ndermek istedi\u011finiz t\u00fcm kargolar\u0131n\u0131z\u0131n sevkiyat\u0131n\u0131 h\u0131z ve zaman\u0131nda teslimat prensiplerine uyarak yapmaktay\u0131z. B\u00fct\u00e7enize uygun fiyat tekliflerini alabilmek i\u00e7in ileti\u015fim hatlar\u0131m\u0131zdan ya da web sitemizde bulunan ileti\u015fim formundan bizlere ula\u015fman\u0131z yeterlidir. Moldova yurt d\u0131\u015f\u0131 kargo<\/p>\n\n\n\n<figure class=\"wp-block-image\"><img decoding=\"async\" src=\"https:\/\/gezimanya.com\/sites\/default\/files\/styles\/650xheight\/public\/422a603.jpg?itok=Bq62Lxpv\" alt=\"Yurt D\u0131\u015f\u0131 Kargo\" \/><\/figure>\n\n\n\n<h3 class=\"wp-block-heading\">Moldova Hava Kargo<\/h3>\n\n\n\n<p>Kargo t\u00fcr\u00fcn\u00fcz ve i\u00e7eri\u011finiz g\u00fcmr\u00fck yasalar\u0131na uygun oldu\u011fu s\u00fcrece t\u00fcm g\u00f6nderilerinizi havayolu ula\u015f\u0131m\u0131 kullanarak \u00e7ok daha h\u0131zl\u0131 olarak teslim edebiliriz. Havayolu ta\u015f\u0131mac\u0131l\u0131\u011f\u0131na dair iki ana kategoride toplad\u0131\u011f\u0131m\u0131z tarifelerimiz mevcut olup \u015fu \u015fekildedir;<\/p>\n\n\n\n<ol class=\"wp-block-list\">\n<li>Moldova Express U\u00e7ak Kargo<\/li>\n<\/ol>\n\n\n\n<p>Ad\u0131ndan da anla\u015f\u0131laca\u011f\u0131 \u00fczere olduk\u00e7a h\u0131zl\u0131 \u2013 acil olarak ula\u015ft\u0131rmak istedi\u011fini kargolar\u0131n\u0131z i\u00e7in tasarlanm\u0131\u015f bir ula\u015ft\u0131rma paketidir. G\u00f6ndermek istedi\u011finiz kargonuz birka\u00e7 sayfadan olu\u015fan belge de olabilir bin par\u00e7adan olu\u015fan b\u00fcy\u00fck \u00e7apl\u0131 sanayi par\u00e7as\u0131 ya da makinesi de olabilir. Express olarak g\u00f6ndermek istedikleriniz sadece 24 \u2013 48 saat i\u00e7erisinde Moldova\u2019da belirtti\u011finiz adrese ula\u015fm\u0131\u015f olur.<\/p>\n\n\n\n<ul class=\"wp-block-list\">\n<li>Moldova Ekonomik U\u00e7ak Kargo<\/li>\n<\/ul>\n\n\n\n<p>Bu kargo tarifemizde yer alan t\u00fcm hizmetler ve kalite Express kargoda oldu\u011fu gibi ayn\u0131d\u0131r. \u0130kisinin aras\u0131ndaki tek fark teslimat s\u00fcrelerindeki de\u011fi\u015fimden kaynaklanmaktad\u0131r. Uygun b\u00fct\u00e7elerle g\u00f6ndermek istedi\u011finiz kargolar bu tarifede 5 \u2013 7 g\u00fcn i\u00e7erisinde Moldova\u2019da ula\u015ft\u0131rmak istedi\u011finiz adrese iletilmi\u015f olur.<\/p>\n\n\n\n<h3 class=\"wp-block-heading\">Moldova Yurt D\u0131\u015f\u0131 Kargo Hesaplamas\u0131 Neye G\u00f6re Yap\u0131l\u0131r?<\/h3>\n\n\n\n<p>E\u011fer Moldova\u2019ya g\u00f6ndermek istedikleriniz numune tarz\u0131 materyallerden olu\u015fuyor ise hacim hesaplamas\u0131 baz al\u0131n\u0131r. Hacim hesaplamas\u0131 ise a\u015fa\u011f\u0131daki form\u00fcl kullan\u0131larak elde edilmektedir;<\/p>\n\n\n\n<h3 class=\"wp-block-heading\">En * boy * y\u00fckseklik \/ 5000<\/h3>\n\n\n\n<p>Bu form\u00fcl ile 20 kg a\u011f\u0131rl\u0131\u011f\u0131ndaki bir kargonun hacim \u00f6l\u00e7\u00fcs\u00fc 15 kg \u00e7\u0131kmaktad\u0131r. Bununla beraber 150 kg\u2019nin alt\u0131nda olan kargo g\u00f6nderimleri i\u00e7in ek bir vergi \u00fccreti al\u0131nmamaktad\u0131r. Sizlere net bir fiyat verebilmemiz i\u00e7in a\u015fa\u011f\u0131daki bilgileri bizlere verebilirsiniz;<\/p>\n\n\n\n<ul class=\"wp-block-list\">\n<li>Kargo i\u00e7eri\u011fi<\/li>\n<li>Kargo a\u011f\u0131rl\u0131\u011f\u0131<\/li>\n<li>Kargo adedi<\/li>\n<li>Kargo \u00f6l\u00e7\u00fcleri<\/li>\n<li>Al\u0131c\u0131 adresi<\/li>\n<li>G\u00f6nderici adresi<\/li>\n<\/ul>\n\n\n\n<p>Yukar\u0131da s\u0131ralanm\u0131\u015f bilgileri verdikten sonra deneyimli ekibimiz taraf\u0131n\u0131za detayl\u0131 bir analiz raporu ile d\u00f6n\u00fc\u015f yapacakt\u0131r. Bu rapor a\u015fa\u011f\u0131daki bilgileri bar\u0131nd\u0131racakt\u0131r;<\/p>\n\n\n\n<ul class=\"wp-block-list\">\n<li>En yak\u0131n zamanda kalkacak olan Moldova U\u00e7ak Kargolar\u0131n\u0131n saatleri<\/li>\n<li>Tarife paketleri, Tarife \u00e7e\u015fitleri, Tarife \u00dccretleri<\/li>\n<li>Kargonuz i\u00e7in ek bir belge gerekiyor ise bunun bilgilendirmesi<\/li>\n<li>Alabilece\u011finiz ek hizmetler<\/li>\n<\/ul>\n\n\n\n<p>Yukar\u0131daki paketlerden diledi\u011finizi se\u00e7erek d\u00f6n\u00fc\u015f yapt\u0131\u011f\u0131n\u0131z takdirde i\u015flemler ba\u015flat\u0131l\u0131r ve kargonuz adresinizden teslim al\u0131narak adrese iletildi\u011fi ana kadar ge\u00e7en her safha Moldova Kargo Takip sistemine aktar\u0131larak kargo durumunuz hakk\u0131nda kolayca g\u00f6r\u00fcnt\u00fcleme yapabileceksiniz.<\/p>\n\n\n\n<p class=\"has-text-color\" style=\"color: #ffffff;\"><strong>Nas\u0131l Kargo G\u00f6nderilir<\/strong><br \/>7\/24 <strong>destek <\/strong>alabilirsiniz.<\/p>\n","protected":false},"excerpt":{"rendered":"<p>Moldova Yurt D\u0131\u015f\u0131 Kargo Bireysel ya da kurumsal m\u00fc\u015fteri kimli\u011fi fark etmeksizin Moldova\u2019ya g\u00f6ndermek istedi\u011finiz t\u00fcm kargolar\u0131n\u0131z\u0131n sevkiyat\u0131n\u0131 h\u0131z ve<\/p>\n","protected":false},"author":2,"featured_media":0,"parent":0,"menu_order":0,"comment_status":"closed","ping_status":"closed","template":"","meta":{"footnotes":""},"class_list":["post-1510","page","type-page","status-publish","hentry","comments-off"],"_links":{"self":[{"href":"https:\/\/ucakkargo.org\/kargo\/wp-json\/wp\/v2\/pages\/1510","targetHints":{"allow":["GET"]}}],"collection":[{"href":"https:\/\/ucakkargo.org\/kargo\/wp-json\/wp\/v2\/pages"}],"about":[{"href":"https:\/\/ucakkargo.org\/kargo\/wp-json\/wp\/v2\/types\/page"}],"author":[{"embeddable":true,"href":"https:\/\/ucakkargo.org\/kargo\/wp-json\/wp\/v2\/users\/2"}],"replies":[{"embeddable":true,"href":"https:\/\/ucakkargo.org\/kargo\/wp-json\/wp\/v2\/comments?post=1510"}],"version-history":[{"count":0,"href":"https:\/\/ucakkargo.org\/kargo\/wp-json\/wp\/v2\/pages\/1510\/revisions"}],"wp:attachment":[{"href":"https:\/\/ucakkargo.org\/kargo\/wp-json\/wp\/v2\/media?parent=1510"}],"curies":[{"name":"wp","href":"https:\/\/api.w.org\/{rel}","templated":true}]}}