{"id":1662,"date":"2019-01-16T19:51:30","date_gmt":"2019-01-16T19:51:30","guid":{"rendered":"http:\/\/www.ucakkargo.net\/?page_id=1662"},"modified":"2019-01-16T19:51:30","modified_gmt":"2019-01-16T19:51:30","slug":"ucak-hava-kargo","status":"publish","type":"page","link":"https:\/\/ucakkargo.org\/kargo\/ucak-hava-kargo\/","title":{"rendered":"U\u00e7ak Hava Kargo"},"content":{"rendered":"\n<h3 class=\"wp-block-heading\"><a><strong>U\u00e7ak Hava Kargo<\/strong><\/a><\/h3>\n\n\n\n<p>\u00dclkemizden bir ba\u015fka \u00fclkeye veya bir \u015fehirden yine ba\u015fka bir \u015fehre g\u00f6ndermek istedi\u011finiz kargo zaman hassasiyetine uyulmas\u0131 gereken ve acil olarak yeti\u015ftirilmesi gereken bir g\u00f6nderi olabilir. H\u0131zl\u0131 ve g\u00fcvenli bir \u015fekilde ula\u015ft\u0131rmak istedi\u011finiz t\u00fcm kargolar\u0131n\u0131z i\u00e7in hizmet veren <strong>u\u00e7ak hava kargo<\/strong> al\u0131c\u0131ya \u00e7ok h\u0131z\u0131 bir \u015fekilde g\u00f6nderinizi ula\u015ft\u0131rarak, i\u00e7erisinde olan evrak, dosya gibi t\u00fcm \u00f6nemli belgelerinizi uygun se\u00e7enekler sundu\u011fu ta\u015f\u0131mac\u0131l\u0131k hizmeti ile sa\u011flamaktad\u0131r.\u00a0 Son y\u0131llarda g\u00fcn\u00fcm\u00fcz\u00fcn en pop\u00fcler uygulamalar\u0131ndan biri olan hava yolu ta\u015f\u0131mac\u0131l\u0131\u011f\u0131 hizmet olarak var\u0131lan son ba\u015far\u0131l\u0131 noktad\u0131r. Bu sebeple g\u00fcn\u00fcn her saatinde sizlere hizmet veren firmam\u0131z gelen g\u00f6nderileriniz ile acil olarak ilgilenip, standart uygulamalar\u0131n d\u0131\u015f\u0131na \u00e7\u0131kabilmektedir. Kendinizi \u00f6zel hissetmenin tek yolu firmam\u0131z\u0131 tercih edip, sa\u011flad\u0131\u011f\u0131m\u0131z u\u00e7ak kargo hizmetlerimizden yararlanabilirsiniz.<\/p>\n\n\n\n<figure class=\"wp-block-image\"><img decoding=\"async\" class=\"wp-image-3688\" src=\"https:\/\/yurtdisihavakargo.com\/wp-content\/uploads\/2019\/03\/express-kargo.jpg\" alt=\"Yurt D\u0131\u015f\u0131 U\u00e7ak Hava Kargo\" \/><\/figure>\n\n\n\n<h3 class=\"wp-block-heading\"><strong>Acil G\u00f6nderileriniz \u0130\u00e7in U\u00e7ak Hava Kargo <\/strong><\/h3>\n\n\n\n<p>T\u00fcm g\u00f6nderilerinizin emin ellerde olmas\u0131n\u0131 istiyor ve zaman\u0131nda teslime \u00f6nem veriyorsan\u0131z acil <strong>u\u00e7ak hava kargo <\/strong>hizmetimizden yaralanabilirsiniz. \u00c7\u00fcnk\u00fc sadece g\u00f6nderi talebinizle de\u011fil g\u00f6nderi sa\u011fland\u0131ktan sonraki s\u00fcre\u00e7le de ilgilenen bir firmay\u0131z. Alan\u0131nda deneyimli ve uzman kadromuzun ekip olarak destek verdi\u011fi ta\u015f\u0131mac\u0131l\u0131k i\u015flemimiz sizler i\u00e7in pek \u00e7ok se\u00e7enek sunarak devam etmektedir. \u00d6rne\u011fin g\u00f6nderinizi evden alabilece\u011fimiz gibi eve teslim, havaalan\u0131ndan teslim ald\u0131\u011f\u0131m\u0131z g\u00f6nderinin eve teslim, hava alan\u0131ndan yine havaalan\u0131na teslim gibi pek \u00e7ok se\u00e7enekle sizlere en iyi hizmet vermenin pe\u015findeyiz.\u00a0 G\u00f6nderilerinizi en uygun servis s\u00fcresi ve en uygun maliyetler dahilinde yerini ula\u015ft\u0131rmay\u0131 bir bor\u00e7 bilen firmam\u0131z her zaman yan\u0131n\u0131zda olarak taleplerinize an\u0131nda cevap bulabilmektedir.<\/p>\n\n\n\n<h3 class=\"wp-block-heading\"><strong>Hava Kargo Ta\u015f\u0131mac\u0131l\u0131\u011f\u0131 Avantajl\u0131 M\u0131d\u0131r?<\/strong><\/h3>\n\n\n\n<p>Firmam\u0131z size sundu\u011fu <strong>u\u00e7ak hava kargo<\/strong> hizmetinin d\u0131\u015f\u0131nda t\u00fcm servis i\u015flemlerini de yerine getirmektedir. Acil bir g\u00f6nderiniz oldu\u011funda sundu\u011fumuz avantajlardan yararlanmak i\u00e7in bizlere ba\u015fvurabilirsiniz. Yurt i\u00e7i veya yurt d\u0131\u015f\u0131 g\u00f6nderilerinizde tercih edece\u011finiz firmam\u0131z hava yolu ta\u015f\u0131mac\u0131l\u0131\u011f\u0131 ile t\u00fcm d\u00fcnya \u00fclkelerine kargo g\u00f6nderimi yapabilir ya da ithalat ve ihracat gibi alanlarda bizlerden kurye hizmeti almay\u0131 teklif edebilirisiniz. Sitemiz \u00fczerinden bizi arayarak destek ekibimizin size sundu\u011fu profesyonel hizmetten yararlanarak g\u00f6nderilerinizi zaman\u0131nda teslim etmenin fark\u0131n\u0131 bizimle ya\u015fayabilirsiniz.<\/p>\n\n\n\n<p class=\"has-text-color\" style=\"color: #ffffff;\"><strong>Nas\u0131l Kargo G\u00f6nderilir<\/strong><br \/>7\/24 <strong>destek <\/strong>alabilirsiniz.<\/p>\n","protected":false},"excerpt":{"rendered":"<p>U\u00e7ak Hava Kargo \u00dclkemizden bir ba\u015fka \u00fclkeye veya bir \u015fehirden yine ba\u015fka bir \u015fehre g\u00f6ndermek istedi\u011finiz kargo zaman hassasiyetine uyulmas\u0131<\/p>\n","protected":false},"author":2,"featured_media":0,"parent":0,"menu_order":0,"comment_status":"closed","ping_status":"closed","template":"","meta":{"footnotes":""},"class_list":["post-1662","page","type-page","status-publish","hentry","comments-off"],"_links":{"self":[{"href":"https:\/\/ucakkargo.org\/kargo\/wp-json\/wp\/v2\/pages\/1662","targetHints":{"allow":["GET"]}}],"collection":[{"href":"https:\/\/ucakkargo.org\/kargo\/wp-json\/wp\/v2\/pages"}],"about":[{"href":"https:\/\/ucakkargo.org\/kargo\/wp-json\/wp\/v2\/types\/page"}],"author":[{"embeddable":true,"href":"https:\/\/ucakkargo.org\/kargo\/wp-json\/wp\/v2\/users\/2"}],"replies":[{"embeddable":true,"href":"https:\/\/ucakkargo.org\/kargo\/wp-json\/wp\/v2\/comments?post=1662"}],"version-history":[{"count":0,"href":"https:\/\/ucakkargo.org\/kargo\/wp-json\/wp\/v2\/pages\/1662\/revisions"}],"wp:attachment":[{"href":"https:\/\/ucakkargo.org\/kargo\/wp-json\/wp\/v2\/media?parent=1662"}],"curies":[{"name":"wp","href":"https:\/\/api.w.org\/{rel}","templated":true}]}}