{"id":1720,"date":"2019-01-16T19:51:31","date_gmt":"2019-01-16T19:51:31","guid":{"rendered":"http:\/\/www.ucakkargo.net\/?page_id=1720"},"modified":"2019-01-16T19:51:31","modified_gmt":"2019-01-16T19:51:31","slug":"yurt-ici-ucakla-kargo","status":"publish","type":"page","link":"https:\/\/ucakkargo.org\/kargo\/yurt-ici-ucakla-kargo\/","title":{"rendered":"Yurt \u0130\u00e7i U\u00e7akla Kargo"},"content":{"rendered":"\n<h3 class=\"wp-block-heading\"><a><strong>Yurt \u0130\u00e7i Kargo U\u00e7akla Kargo<\/strong><\/a><\/h3>\n\n\n<p>\u00dclkemizin say\u0131l\u0131 ta\u015f\u0131mac\u0131l\u0131k \u015firketlerinden biri olan, zaman ve mesafe tan\u0131mayan aktarma b\u00fcrolar\u0131, \u015fubeleri, \u00e7al\u0131\u015fan\u0131 ve say\u0131s\u0131z ara\u00e7 \u00e7e\u015fitleri ile hem yurt i\u00e7i hem de yurt d\u0131\u015f\u0131 hizmetlerine yer vererek her t\u00fcrl\u00fc kargonuzu istedi\u011finiz yere g\u00f6t\u00fcrebilecek \u00f6zellikte alt yap\u0131ya sahip \u015firketler aras\u0131nda yer almaktay\u0131z. 2000\u2019l y\u0131llardan bu yana geli\u015fme g\u00f6stererek, g\u00fcn\u00fcm\u00fczde mobil uygulama alan\u0131nda da ba\u015far\u0131s\u0131 kan\u0131tlanan ve d\u00fcnyan\u0131n her yerine \u00e7\u00f6z\u00fcm odakl\u0131 sundu\u011fumuz hizmetlerle say\u0131l\u0131 firmalar aras\u0131nda lider konumda g\u00f6sterilmekteyiz. Ba\u015far\u0131m\u0131z her zaman nitelikli \u00e7al\u0131\u015fanlar\u0131m\u0131z\u0131n m\u00fc\u015fteri odakl\u0131 katk\u0131lar\u0131yla ileri seviyeye ta\u015f\u0131nmakta ve sekt\u00f6rde bir\u00e7ok farkl\u0131 firmaya \u00f6nc\u00fcl\u00fck etmekteyiz. Bu kapsamda pek \u00e7ok farkl\u0131 noktaya do\u011fru, zaman\u0131nda ve kusursuz hizmet sunmaktay\u0131z. Sizlerde her t\u00fcrl\u00fc kargo ihtiyac\u0131n\u0131z\u0131 ister yerel isterseniz ulusal g\u00f6nderi talep ederek <strong>yurt i\u00e7i u\u00e7akla kargo<\/strong> firmam\u0131zdan ekspres kargo ta\u015f\u0131mac\u0131l\u0131\u011f\u0131 hizmeti alabilirsiniz.<\/p>\n\n\n<figure class=\"wp-block-image\"><img decoding=\"async\" src=\"https:\/\/yurtdisihavakargo.com\/wp-content\/uploads\/2019\/03\/hava-kargo.jpg\" alt=\"Yurt \u0130\u00e7i U\u00e7akla Kargo\" class=\"wp-image-3663\"\/><\/figure>\n\n\n<h3 class=\"wp-block-heading\"><strong>Yurt \u0130\u00e7i Kargoyu Tercih Ederek Bir \u0130lk\nYa\u015famak \u0130ster Misiniz?<\/strong><\/h3>\n\n\n<p>Yurt\ni\u00e7i kargo \u015firketini tercih etti\u011finizde sekt\u00f6rde her zaman ilklere yer\nverildi\u011fini g\u00f6rebileceksiniz. Bunlardan birka\u00e7 tanesi cepte kargo, self servis,\nambalajl\u0131 g\u00f6nderi hizmeti gibi s\u0131ralanmaktad\u0131r. G\u00fcn\u00fcm\u00fczde en \u00e7ok \u00f6zel \u00e7\u00f6z\u00fcm ve\nhizmet sunan firmam\u0131z, hem yurt i\u00e7i hem de yurt d\u0131\u015f\u0131 kargo hizmet a\u011f\u0131yla\nekspres kargonun tad\u0131n\u0131 \u00e7\u0131karman\u0131z\u0131 sa\u011flamaktad\u0131r. Bu kapsamda pek \u00e7ok yerde\nbulunan \u015fubemizden ekspres, standart ve ek hizmet talep ederek g\u00f6nderinizin\nula\u015f\u0131lmas\u0131n\u0131 istedi\u011finiz yere zaman\u0131nda teslim edildi\u011fini g\u00f6rebilirsiniz. Size\nsunulan f\u0131rsatlardan yararlanmak isterseniz firmam\u0131z\u0131 tercih ederek yurt i\u00e7ine\ng\u00f6nderi sa\u011flayabilece\u011finiz gibi d\u00fcnyan\u0131n neredeyse 200\u2019 \u00fc a\u015fk\u0131n \u00fclkesine de\nh\u0131zl\u0131 ve g\u00fcvenilir bir \u015fekilde g\u00f6nderi sa\u011flay\u0131p, g\u00f6nderi teslim alabilirsiniz. <\/p>\n\n\n<h3 class=\"wp-block-heading\"><strong>Yurt D\u0131\u015f\u0131 Profesyonel Ve Ayr\u0131cal\u0131kl\u0131\nHizmetler<\/strong><\/h3>\n\n\n<p>Firmam\u0131z\nson y\u0131llarda olduk\u00e7a g\u00fcvenilir acentelerle \u00e7al\u0131\u015farak hediyelik e\u015fya, koli veya\npaket gibi pek \u00e7ok kargonuzun bir\u00e7ok \u00fclkeye g\u00f6nderisini yapabilmektedir.\nOlduk\u00e7a ekonomik olan bu hizmetimiz talep etti\u011finiz standart ya da ekspres\nkargo ayr\u0131cal\u0131klar\u0131yla adrese teslim edilmektedir. G\u00f6nderinizin a\u011f\u0131rl\u0131k ve boy\n\u00f6l\u00e7\u00fcs\u00fcn\u00fc a\u015fmadan yurt d\u0131\u015f\u0131 ta\u015f\u0131ma hizmetlerinden yararlanabilirsiniz. \u00dclkeden\n\u00e7\u0131kt\u0131ktan sonra ki hizmet dok\u00fcman\u0131n\u0131 yetkili birimimizden alabilir, zaman\u0131nda\nula\u015fmas\u0131n\u0131 istedi\u011finiz \u00fclkelerin saat farklar\u0131 ve g\u00f6nderinizin ula\u015faca\u011f\u0131 i\u015f\ng\u00fcnlerini takip edebilmek i\u00e7in takip numaras\u0131 talep edebilirsiniz. Bu konuda\nfirmam\u0131zdan alabilece\u011finiz dok\u00fcman veya takip edebilece\u011finiz kod ile kap\u0131dan\nkap\u0131ya hizmetten yararlanman\u0131n keyfini \u00e7\u0131karabilirsiniz. Sekt\u00f6r i\u00e7erisinde ki\nprofesyonel hizmetten yararlanmak i\u00e7in <strong>yurt\ni\u00e7i kargo<\/strong> firmam\u0131z\u0131 tercih edebilir, size sunulan ayr\u0131cal\u0131klardan\nyararlanabilirsiniz. <\/p>\n","protected":false},"excerpt":{"rendered":"<p>Yurt \u0130\u00e7i Kargo U\u00e7akla Kargo \u00dclkemizin say\u0131l\u0131 ta\u015f\u0131mac\u0131l\u0131k \u015firketlerinden biri olan, zaman ve mesafe tan\u0131mayan aktarma b\u00fcrolar\u0131, \u015fubeleri, \u00e7al\u0131\u015fan\u0131 ve<\/p>\n","protected":false},"author":2,"featured_media":0,"parent":0,"menu_order":0,"comment_status":"closed","ping_status":"closed","template":"","meta":{"footnotes":""},"class_list":["post-1720","page","type-page","status-publish","hentry","comments-off"],"_links":{"self":[{"href":"https:\/\/ucakkargo.org\/kargo\/wp-json\/wp\/v2\/pages\/1720","targetHints":{"allow":["GET"]}}],"collection":[{"href":"https:\/\/ucakkargo.org\/kargo\/wp-json\/wp\/v2\/pages"}],"about":[{"href":"https:\/\/ucakkargo.org\/kargo\/wp-json\/wp\/v2\/types\/page"}],"author":[{"embeddable":true,"href":"https:\/\/ucakkargo.org\/kargo\/wp-json\/wp\/v2\/users\/2"}],"replies":[{"embeddable":true,"href":"https:\/\/ucakkargo.org\/kargo\/wp-json\/wp\/v2\/comments?post=1720"}],"version-history":[{"count":0,"href":"https:\/\/ucakkargo.org\/kargo\/wp-json\/wp\/v2\/pages\/1720\/revisions"}],"wp:attachment":[{"href":"https:\/\/ucakkargo.org\/kargo\/wp-json\/wp\/v2\/media?parent=1720"}],"curies":[{"name":"wp","href":"https:\/\/api.w.org\/{rel}","templated":true}]}}